{"id":101,"date":"2024-07-09T13:01:33","date_gmt":"2024-07-09T13:01:33","guid":{"rendered":"https:\/\/isr.edu.ar\/isr27\/?page_id=101"},"modified":"2024-12-31T12:12:46","modified_gmt":"2024-12-31T12:12:46","slug":"reglamento-nivel-inicial","status":"publish","type":"page","link":"https:\/\/isr.edu.ar\/isr27\/reglamento-nivel-inicial\/","title":{"rendered":"Reglamento Nivel Inicial"},"content":{"rendered":"\t\t<div data-elementor-type=\"wp-page\" data-elementor-id=\"101\" class=\"elementor elementor-101\" data-elementor-post-type=\"page\">\n\t\t\t\t<div class=\"elementor-element elementor-element-2401072a e-flex e-con-boxed e-con e-parent\" data-id=\"2401072a\" data-element_type=\"container\">\n\t\t\t\t\t<div class=\"e-con-inner\">\n\t\t<div class=\"elementor-element elementor-element-262778ce e-con-full e-flex e-con e-child\" data-id=\"262778ce\" data-element_type=\"container\">\n\t\t<div class=\"elementor-element elementor-element-66ec3245 e-con-full e-flex e-con e-child\" data-id=\"66ec3245\" data-element_type=\"container\">\n\t\t\t\t<div class=\"elementor-element elementor-element-3a7e2ca3 elementor-widget elementor-widget-heading\" data-id=\"3a7e2ca3\" data-element_type=\"widget\" data-widget_type=\"heading.default\">\n\t\t\t\t<div class=\"elementor-widget-container\">\n\t\t\t\t\t<h2 class=\"elementor-heading-title elementor-size-default\">NIVEL INICIAL<\/h2>\t\t\t\t<\/div>\n\t\t\t\t<\/div>\n\t\t\t\t<\/div>\n\t\t\t\t<\/div>\n\t\t\t\t\t<\/div>\n\t\t\t\t<\/div>\n\t\t<div class=\"elementor-element elementor-element-5ceec6f e-flex e-con-boxed e-con e-parent\" data-id=\"5ceec6f\" data-element_type=\"container\">\n\t\t\t\t\t<div class=\"e-con-inner\">\n\t\t<div class=\"elementor-element elementor-element-70e45a6 e-con-full e-flex e-con e-child\" data-id=\"70e45a6\" data-element_type=\"container\">\n\t\t<div class=\"elementor-element elementor-element-320bf23 e-con-full e-flex e-con e-child\" data-id=\"320bf23\" data-element_type=\"container\">\n\t\t\t\t<div class=\"elementor-element elementor-element-96ac5e7 elementor-widget elementor-widget-heading\" data-id=\"96ac5e7\" data-element_type=\"widget\" data-widget_type=\"heading.default\">\n\t\t\t\t<div class=\"elementor-widget-container\">\n\t\t\t\t\t<h2 class=\"elementor-heading-title elementor-size-default\">Normas de Convivencia<\/h2>\t\t\t\t<\/div>\n\t\t\t\t<\/div>\n\t\t\t\t<\/div>\n\t\t\t\t<\/div>\n\t\t\t\t\t<\/div>\n\t\t\t\t<\/div>\n\t\t<div class=\"elementor-element elementor-element-1bf6ee11 e-flex e-con-boxed e-con e-parent\" data-id=\"1bf6ee11\" data-element_type=\"container\">\n\t\t\t\t\t<div class=\"e-con-inner\">\n\t\t\t\t<div class=\"elementor-element elementor-element-2be45bde elementor-widget elementor-widget-text-editor\" data-id=\"2be45bde\" data-element_type=\"widget\" data-widget_type=\"text-editor.default\">\n\t\t\t\t<div class=\"elementor-widget-container\">\n\t\t\t\t\t\t\t\t\t<p>Las familias son las <em><strong>PRIMEROS RESPONSABLES DE LA EDUCACI\u00d3N DE SUS HIJOS<\/strong><\/em>, nuestros alumnos y\u00a0 alumnas.<\/p><p>La Instituci\u00f3n escolar es la encargada de apoyar, acompa\u00f1ar, orientar y secundar en forma sistem\u00e1tica la misi\u00f3n de las familias, adem\u00e1s, las invita a ocupar el lugar que le corresponde en la comunidad escolar.<\/p><p>A s\u00ed mismo, deben asumir como un deber su <em><strong>PARTICIPACI\u00d3N ACTIVA<\/strong><\/em> en el proyecto educativo, por consiguiente, la elecci\u00f3n de nuestro establecimiento merece <em><strong>RESPETO Y CONFIANZA<\/strong><\/em>.<\/p><p>La escuela asuncionista es una escuela cat\u00f3lica. Un lugar de formaci\u00f3n integral mediante la asimilaci\u00f3n sistem\u00e1tica y cr\u00edtica de la cultura, con el fin de \u201cEsculpir a Cristo en la mente y en el coraz\u00f3n de los alumnos\/as para que el VENGA TU REINO sea una vivencia permanente\u201c (Fragmento extra\u00eddo del Ideario educativo de la escuela Asuncionista).<\/p><p>La formaci\u00f3n de nuestros alumnos\/as, est\u00e1 basada en los valores de nuestro fundador el Venerable Padre Manuel d\u2019Alzon, animando a:<\/p><p style=\"padding-left: 240px;\">a) La Autoconciencia: conocer de s\u00ed mismo.<br \/>b) El Autocontrol: Manejarse uno a s\u00ed mismo.<br \/>c) La Autodecisi\u00f3n: ser due\u00f1o y responsable de sus propios actos.<\/p><p>Para ello, es fundamental tener en claro que la libertad debe estar acompa\u00f1ada del compromiso responsable. Teniendo como fin el bien com\u00fan de todos, hemos confeccionado un c\u00f3digo interno que define las pautas que regular\u00e1n nuestra convivencia dentro de la Instituci\u00f3n.<\/p><h2>Modalidad Organizativa<\/h2><ul><li><span style=\"color: #808080;\"><strong>Sala de 1 a\u00f1o:<\/strong><\/span> Jornada simple en turno ma\u00f1ana o jornada completa.<\/li><li><span style=\"color: #808080;\"><strong>Sala de 2, 3 y 4 a\u00f1os:<\/strong><\/span> Jornada simple en turno ma\u00f1ana, con talleres optativos en turno tarde.<\/li><li><span style=\"color: #808080;\"><strong>Sala de 5 a\u00f1os:<\/strong><\/span> Jornada completa obligatoria, con ingl\u00e9s intensivo.<\/li><\/ul><h2>El horario de ingreso<\/h2><ul><li><span style=\"color: #808080;\">Sala de 1 y 2<\/span> a las 8:10 h por la entrada de Migueletes 2039.<\/li><li><span style=\"color: #808080;\">Sala de 3, 4 y 5<\/span> a las\u00a0 8:10 h por la entrada de Juramento 1368.<\/li><\/ul><p>Se solicita a las familias que los alumnos\/as ingresen puntualmente en los horarios establecidos .Este horario tiene como objetivo respetar la organizaci\u00f3n diaria de las actividades y promover en los alumnos\/as el valor de la puntualidad.<\/p><p>Solo en casos excepcionales se permitir\u00e1 el ingreso hasta las 10:00 a.m., siempre que se justifique la raz\u00f3n de la demora.<\/p><h2>Inasistencias<\/h2><p>En caso de ausencias de m\u00e1s de tres d\u00edas, el alumno\/a deber\u00e1 presentar un certificado m\u00e9dico emitido por su pediatra.<\/p><h2>Certificados de Vacunaci\u00f3n<\/h2><p>Los alumnos\/as deber\u00e1n presentar certificados de Sab\u00edn, Cu\u00e1druple bacteriana y Triple viral, emitidos por las autoridades sanitarias oficiales.<\/p><h2>Pediculosis<\/h2><p>Ante la detecci\u00f3n de pediculosis, los alumnos\/as deber\u00e1n realizar el tratamiento indicado para su reincorporaci\u00f3n.<\/p><h2><span style=\"text-decoration: underline;\">En lo referido a la recepci\u00f3n y notificaci\u00f3n de la documentaci\u00f3n debe:<\/span><\/h2><p>El canal de comunicaci\u00f3n ser\u00e1 a trav\u00e9s de la plataforma y\/o la direcci\u00f3n de correo institucional asignado a la familia. Por tal motivo se solicita que sea revisado con periodicidad.<\/p><p>Si la familia necesitara comunicarse con la Instituci\u00f3n, deber\u00e1n hacerlo a trav\u00e9s de las siguientes direcciones de mail, seg\u00fan corresponda:<\/p><ul><li>Por temas econ\u00f3micos: administraci\u00f3n@isr.edu.ar<\/li><li>Por documentaci\u00f3n y tr\u00e1mites pedag\u00f3gicos: secretaria.inicial@isr.edu.ar<\/li><li>Para retiros anticipados: autorizaciones@isr.edu.ar<\/li><\/ul><h2>Presentaci\u00f3n y Uniforme Escolar<\/h2><p><strong>Uniforme de Verano:<\/strong><\/p><ul><li><strong>Sala de 1 a\u00f1o:<\/strong> Body o remera roja institucional, short negro, medias blancas y zapatillas negras o blancas.<\/li><li><strong>Salas de 2, 3, 4 y 5 a\u00f1os:<\/strong> Short negro, remera institucional, medias blancas y zapatillas negras o blancas.<\/li><\/ul><p><strong><br \/>Uniforme de Invierno:<\/strong><\/p><ul><li><strong>Sala de 1 a\u00f1o:<\/strong> Remera o body rojo institucional de manga larga, conjunto deportivo del colegio, zapatillas negras o blancas y medias blancas.<\/li><li><strong>Salas de 2, 3, 4 y 5 a\u00f1os:<\/strong> Conjunto deportivo del colegio, remera blanca institucional, zapatillas negras o blancas y medias blancas.<\/li><\/ul><p style=\"padding-left: 40px;\">\u00a0<\/p>\t\t\t\t\t\t\t\t<\/div>\n\t\t\t\t<\/div>\n\t\t\t\t\t<\/div>\n\t\t\t\t<\/div>\n\t\t<div class=\"elementor-element elementor-element-5001c1f e-flex e-con-boxed e-con e-parent\" data-id=\"5001c1f\" data-element_type=\"container\">\n\t\t\t\t\t<div class=\"e-con-inner\">\n\t\t\t\t<div class=\"elementor-element elementor-element-c5f1b99 elementor-align-center elementor-widget__width-initial elementor-widget elementor-widget-button\" data-id=\"c5f1b99\" data-element_type=\"widget\" data-widget_type=\"button.default\">\n\t\t\t\t<div class=\"elementor-widget-container\">\n\t\t\t\t\t\t\t\t\t<div class=\"elementor-button-wrapper\">\n\t\t\t\t\t<a class=\"elementor-button elementor-button-link elementor-size-sm\" href=\"https:\/\/isr.edu.ar\/isr27\/wp-content\/uploads\/2024\/10\/View-Maternal.pdf\">\n\t\t\t\t\t\t<span class=\"elementor-button-content-wrapper\">\n\t\t\t\t\t\t\t\t\t<span class=\"elementor-button-text\">UNIFORMES JARDIN MATERNAL<\/span>\n\t\t\t\t\t<\/span>\n\t\t\t\t\t<\/a>\n\t\t\t\t<\/div>\n\t\t\t\t\t\t\t\t<\/div>\n\t\t\t\t<\/div>\n\t\t\t\t<div class=\"elementor-element elementor-element-1af3b5c elementor-align-center elementor-widget__width-initial elementor-widget elementor-widget-button\" data-id=\"1af3b5c\" data-element_type=\"widget\" data-widget_type=\"button.default\">\n\t\t\t\t<div class=\"elementor-widget-container\">\n\t\t\t\t\t\t\t\t\t<div class=\"elementor-button-wrapper\">\n\t\t\t\t\t<a class=\"elementor-button elementor-button-link elementor-size-sm\" href=\"https:\/\/isr.edu.ar\/isr27\/wp-content\/uploads\/2024\/10\/View-Inicial-Final.pdf\">\n\t\t\t\t\t\t<span class=\"elementor-button-content-wrapper\">\n\t\t\t\t\t\t\t\t\t<span class=\"elementor-button-text\">UNIFORMES NIVEL INICIAL<\/span>\n\t\t\t\t\t<\/span>\n\t\t\t\t\t<\/a>\n\t\t\t\t<\/div>\n\t\t\t\t\t\t\t\t<\/div>\n\t\t\t\t<\/div>\n\t\t\t\t\t<\/div>\n\t\t\t\t<\/div>\n\t\t<div class=\"elementor-element elementor-element-f87aaa3 e-flex e-con-boxed e-con e-parent\" data-id=\"f87aaa3\" data-element_type=\"container\">\n\t\t\t\t\t<div class=\"e-con-inner\">\n\t\t\t\t<div class=\"elementor-element elementor-element-d1a1309 elementor-widget elementor-widget-text-editor\" data-id=\"d1a1309\" data-element_type=\"widget\" data-widget_type=\"text-editor.default\">\n\t\t\t\t<div class=\"elementor-widget-container\">\n\t\t\t\t\t\t\t\t\t<h2>Otros Requisitos:<\/h2><ul><li>Campera de abrigo negra institucional para todas las salas.<\/li><li>Pintorcito institucional.<\/li><li>Bolsita roja institucional (para salas de 1, 2, 3 y 4) \/ Mochila sin carrito (para sala de 5).<\/li><li>Colchoneta del instituto (para alumnos de jornada completa).<\/li><li><span style=\"text-decoration: underline;\">Todas las prendas deben estar debidamente rotuladas con nombre y apellido<\/span>.<\/li><\/ul><h2>Entradas y Salidas<\/h2><p>Las personas responsables de retirar a los alumnos\/as deben contar con la debida autorizaci\u00f3n por parte de la familia o responsables. Esta funci\u00f3n no podr\u00e1 ser delegada a menores de edad.<\/p><h2>Retiro de Alumnos<\/h2><p>\u00danicamente las personas autorizadas, presentando su documento de identidad, podr\u00e1n retirar a los alumnos\/as del establecimiento. En caso de no cumplir con estas condiciones, el alumno\/a no ser\u00e1 entregado. Se solicita que el retiro de los alumnos\/as se realice en el horario establecido; si se requiere que el alumno\/a se retire antes, ser\u00e1 necesaria una notificaci\u00f3n previa. De no recibir dicha notificaci\u00f3n, el alumno\/a deber\u00e1 permanecer en el establecimiento hasta la hora de salida.<\/p><h2>Cuota de Materiales Obligatoria<\/h2><p>Se abonar\u00e1n tres cuotas de materiales a lo largo del a\u00f1o, las cuales ser\u00e1n debitadas junto con la cuota mensual.<\/p><h2>Colaci\u00f3n<\/h2><p>Se deber\u00e1 enviar una colaci\u00f3n individual, compuesta por bebida y comida. Para los alumnos\/as de jornada completa, deber\u00e1n enviarse dos colaciones.<\/p><h2>Viandas<\/h2><p>Las familias podr\u00e1n optar por enviar una vianda (en condiciones aptas de higiene y refrigeraci\u00f3n) para el almuerzo o solicitar el servicio de comedor, el cual se gestiona a trav\u00e9s de la p\u00e1gina institucional.<\/p><p>Los alumnos\/as de salas de 2, 3, 4 y 5 a\u00f1os tienen la opci\u00f3n de retirarse a almorzar a sus hogares. En ese caso, el horario de ingreso ser\u00e1 a las 13:45 h.<\/p><h2>Transporte Escolar<\/h2><p>El transporte escolar es un servicio privado y externo a esta Instituci\u00f3n. Por lo que la instituci\u00f3n se deslinda de toda responsabilidad que asumen las familias y se\u00f1ores transportistas.<\/p><h2>Pertenencias<\/h2><p>Todas las pertenencias, incluyendo uniformes, viandas, bolsas, y otros, deben estar claramente identificadas con el nombre y apellido del alumno\/a.<\/p><h2>Juguetes y Objetos Personales<\/h2><p>Aunque se permite que los ni\u00f1os\/as traigan objetos o juguetes personales que no sean materiales de trabajo requeridos, sugerimos evitar traer objetos de valor econ\u00f3mico o afectivo.<\/p><h2>Ficha M\u00e9dica<\/h2><p>La ficha m\u00e9dica deber\u00e1 descargarse de la p\u00e1gina institucional y presentarse al inicio del ciclo lectivo, firmada por el pediatra y la familia. Sin este documento, el alumno\/a no podr\u00e1 participar en actividades f\u00edsicas.<\/p><h2>Atenci\u00f3n M\u00e9dica y Suministro de Medicamentos<\/h2><p>El servicio m\u00e9dico est\u00e1 presente en el colegio para ASISTIR EMERGENCIAS o ACCIDENTES ocurridos dentro de este \u00e1mbito. Les pedimos que, si el alumno\/a tiene la indicaci\u00f3n de ser retirado del establecimiento por la ma\u00f1ana, no sea incorporado al turno tarde. Si el ni\u00f1o\/a se retira con s\u00edntomas, la familia tendr\u00e1 que consultar con el pediatra para su reincorporaci\u00f3n al colegio.<\/p><p>Si su hijo\/a presenta s\u00edntomas o dolores por actividades o accidentes fuera del colegio, no podr\u00e1n ser resueltos ni evaluados por los m\u00e9dicos de nuestro servicio.<\/p><p>El m\u00e9dico del colegio examinar\u00e1 al alumno\/a que asista con su docente al gabinete m\u00e9dico en caso de requerir asistencia. Posteriormente, se comunicar\u00e1 con la familia para notificar el estado de salud y el cuadro que presenta el alumno\/a.<\/p><p>El suministro de medicamentos en el colegio estar\u00e1 a cargo del m\u00e9dico institucional, \u00fanicamente con prescripci\u00f3n del pediatra particular del alumno\/a.<\/p><h2>Cuidado personal<\/h2><p>En caso de necesitar cambio de ropa, el docente podr\u00e1 asistir al ni\u00f1o\/a siempre que cuente con una muda y autorizaci\u00f3n familiar. La autorizaci\u00f3n se gestionar\u00e1 al inicio del ciclo lectivo; sin ella, se notificar\u00e1 a la familia para que asista al jard\u00edn.<\/p><h2>Organizaci\u00f3n de la Salida<\/h2><p>Los retiros de alumnos\/as durante el horario de clases deber\u00e1n notificarse previamente. Los retiros podr\u00e1n realizarse hasta las 15:30 h; pasado ese horario, deber\u00e1n esperar al horario habitual de salida.<\/p><h2>Atenci\u00f3n a las Familias<\/h2><p>Las entrevistas ser\u00e1n organizadas previamente con docentes, el equipo directivo y\/o departamento de psicopedagog\u00eda, seg\u00fan se considere necesario.<\/p><h2>Normas para las Familias<\/h2><p>Para alcanzar los objetivos institucionales, solicitamos a las familias:<\/p><p style=\"padding-left: 40px;\">A) Notificarse de este reglamento interno y comprometerse a respetarlo.<\/p><p style=\"padding-left: 40px;\">B) Al ser los primeros y principales educadores de sus hijos\/as, deber\u00e1n tener una actitud de comunicaci\u00f3n, respeto y colaboraci\u00f3n con el personal directivo y docente de la instituci\u00f3n.<\/p><p style=\"padding-left: 40px;\">C) Ser los \u00fanicos representantes de sus hijos\/as ante la instituci\u00f3n.<\/p><p style=\"padding-left: 40px;\">D) Notificarse de todas las comunicaciones enviadas por el Instituto. <br \/>Las familias deben revisar con frecuencia la plataforma Acadeu y\/o la casilla de correo que la instituci\u00f3n les asigna para toda la comunicaci\u00f3n oficial con docentes y directivos.<\/p><p style=\"padding-left: 40px;\">E)La direcci\u00f3n solicitar\u00e1 la intervenci\u00f3n al Departamento de Psicopedagog\u00eda para aquellos alumnos\/as que presenten dificultades de adaptaci\u00f3n, integraci\u00f3n o aprendizaje o consideren necesario. All\u00ed se indagar\u00e1n las causas y se pondr\u00e1n en marcha estrategias aunando criterios con la docente y la Direcci\u00f3n. Luego se les brindar\u00e1 a la familia, la informaci\u00f3n correspondiente.<\/p><p style=\"padding-left: 40px;\">F) Se emitir\u00e1n dos informes pedag\u00f3gicos, uno a mitad de a\u00f1o y otro al finalizar el a\u00f1o lectivo.<\/p><p style=\"padding-left: 40px;\">G) La adhesi\u00f3n y cumplimiento de estas normas favorece al alumno, cuya educaci\u00f3n es una tarea compartida entre el hogar y la escuela.<\/p>\t\t\t\t\t\t\t\t<\/div>\n\t\t\t\t<\/div>\n\t\t\t\t\t<\/div>\n\t\t\t\t<\/div>\n\t\t\t\t<\/div>\n\t\t","protected":false},"excerpt":{"rendered":"<p>NIVEL INICIAL Normas de Convivencia Las familias son las PRIMEROS RESPONSABLES DE LA EDUCACI\u00d3N DE SUS HIJOS, nuestros alumnos y\u00a0 alumnas. La Instituci\u00f3n escolar es la encargada de apoyar, acompa\u00f1ar, orientar y secundar en forma sistem\u00e1tica la misi\u00f3n de las familias, adem\u00e1s, las invita a ocupar el lugar que le corresponde en la comunidad escolar. [&hellip;]<\/p>\n","protected":false},"author":2,"featured_media":0,"parent":0,"menu_order":0,"comment_status":"closed","ping_status":"closed","template":"","meta":{"footnotes":""},"class_list":["post-101","page","type-page","status-publish","hentry"],"_links":{"self":[{"href":"https:\/\/isr.edu.ar\/isr27\/wp-json\/wp\/v2\/pages\/101","targetHints":{"allow":["GET"]}}],"collection":[{"href":"https:\/\/isr.edu.ar\/isr27\/wp-json\/wp\/v2\/pages"}],"about":[{"href":"https:\/\/isr.edu.ar\/isr27\/wp-json\/wp\/v2\/types\/page"}],"author":[{"embeddable":true,"href":"https:\/\/isr.edu.ar\/isr27\/wp-json\/wp\/v2\/users\/2"}],"replies":[{"embeddable":true,"href":"https:\/\/isr.edu.ar\/isr27\/wp-json\/wp\/v2\/comments?post=101"}],"version-history":[{"count":96,"href":"https:\/\/isr.edu.ar\/isr27\/wp-json\/wp\/v2\/pages\/101\/revisions"}],"predecessor-version":[{"id":5730,"href":"https:\/\/isr.edu.ar\/isr27\/wp-json\/wp\/v2\/pages\/101\/revisions\/5730"}],"wp:attachment":[{"href":"https:\/\/isr.edu.ar\/isr27\/wp-json\/wp\/v2\/media?parent=101"}],"curies":[{"name":"wp","href":"https:\/\/api.w.org\/{rel}","templated":true}]}}