{"id":52,"date":"2024-07-09T12:50:39","date_gmt":"2024-07-09T12:50:39","guid":{"rendered":"https:\/\/isr.edu.ar\/isr27\/?page_id=52"},"modified":"2024-12-01T12:53:58","modified_gmt":"2024-12-01T12:53:58","slug":"escuelas-verdes","status":"publish","type":"page","link":"https:\/\/isr.edu.ar\/isr27\/escuelas-verdes\/","title":{"rendered":"Escuelas Verdes"},"content":{"rendered":"\t\t<div data-elementor-type=\"wp-page\" data-elementor-id=\"52\" class=\"elementor elementor-52\" data-elementor-post-type=\"page\">\n\t\t\t\t<div class=\"elementor-element elementor-element-f040b0a e-flex e-con-boxed e-con e-parent\" data-id=\"f040b0a\" data-element_type=\"container\">\n\t\t\t\t\t<div class=\"e-con-inner\">\n\t\t<div class=\"elementor-element elementor-element-6d237c3 e-con-full e-flex e-con e-child\" data-id=\"6d237c3\" data-element_type=\"container\">\n\t\t\t\t<div class=\"elementor-element elementor-element-ae3f5f5 elementor-widget elementor-widget-heading\" data-id=\"ae3f5f5\" data-element_type=\"widget\" data-widget_type=\"heading.default\">\n\t\t\t\t<div class=\"elementor-widget-container\">\n\t\t\t\t\t<h2 class=\"elementor-heading-title elementor-size-default\">\u00e1reas complementarias<\/h2>\t\t\t\t<\/div>\n\t\t\t\t<\/div>\n\t\t\t\t<\/div>\n\t\t\t\t\t<\/div>\n\t\t\t\t<\/div>\n\t\t<div class=\"elementor-element elementor-element-7ca13ad e-flex e-con-boxed e-con e-parent\" data-id=\"7ca13ad\" data-element_type=\"container\">\n\t\t\t\t\t<div class=\"e-con-inner\">\n\t\t<div class=\"elementor-element elementor-element-72f10f3 e-con-full e-flex e-con e-child\" data-id=\"72f10f3\" data-element_type=\"container\">\n\t\t\t\t<div class=\"elementor-element elementor-element-4aea6ca9 elementor-widget elementor-widget-heading\" data-id=\"4aea6ca9\" data-element_type=\"widget\" data-widget_type=\"heading.default\">\n\t\t\t\t<div class=\"elementor-widget-container\">\n\t\t\t\t\t<h2 class=\"elementor-heading-title elementor-size-default\">Escuelas Verdes<\/h2>\t\t\t\t<\/div>\n\t\t\t\t<\/div>\n\t\t\t\t<\/div>\n\t\t\t\t\t<\/div>\n\t\t\t\t<\/div>\n\t\t<div class=\"elementor-element elementor-element-3a480486 e-flex e-con-boxed e-con e-parent\" data-id=\"3a480486\" data-element_type=\"container\">\n\t\t\t\t\t<div class=\"e-con-inner\">\n\t\t<div class=\"elementor-element elementor-element-201f5fe3 e-con-full e-flex e-con e-child\" data-id=\"201f5fe3\" data-element_type=\"container\">\n\t\t<div class=\"elementor-element elementor-element-18648091 e-con-full e-flex e-con e-child\" data-id=\"18648091\" data-element_type=\"container\">\n\t\t\t\t<div class=\"elementor-element elementor-element-3cdb6664 elementor-widget elementor-widget-text-editor\" data-id=\"3cdb6664\" data-element_type=\"widget\" data-widget_type=\"text-editor.default\">\n\t\t\t\t<div class=\"elementor-widget-container\">\n\t\t\t\t\t\t\t\t\t<p>En 2014 optamos por un enfoque integral de Educaci\u00f3n para el Desarrollo Sostenible convirti\u00e9ndonos en una de las Escuelas Verdes del G.C.B.A. Esto significa\u00a0 promover procesos de ense\u00f1anza y aprendizaje vinculados con la educaci\u00f3n ambiental, fomentando pr\u00e1cticas sustentables y gestionando ambientalmente sus recursos.<\/p><p>Cada Nivel Educativo posee un referente ambiental que promueve el avance de las acciones ambientales y acompa\u00f1a la formaci\u00f3n del Comit\u00e9 Ambiental que fomenta acciones de participaci\u00f3n ciudadana entre los estudiantes, y busca cumplir con los siguientes objetivos:<\/p><p><span style=\"font-family: var( --e-global-typography-primary-font-family ), Sans-serif; font-size: var( --e-global-typography-primary-font-size ); font-style: var( --e-global-typography-primary-font-style ); font-weight: var( --e-global-typography-primary-font-weight ); letter-spacing: var( --e-global-typography-primary-letter-spacing ); text-transform: var( --e-global-typography-primary-text-transform ); text-align: var(--text-align); color: var( --e-global-color-text );\"><img decoding=\"async\" class=\"alignnone wp-image-1884\" src=\"https:\/\/isr.edu.ar\/isr27\/wp-content\/uploads\/2024\/09\/RIGHT_25X20.jpg\" alt=\"\" width=\"22\" height=\"19\" \/>Propiciar el v\u00ednculo entre los distintos actores institucionales y no institucionales.<\/span><\/p><p><img decoding=\"async\" class=\"alignnone wp-image-1884\" src=\"https:\/\/isr.edu.ar\/isr27\/wp-content\/uploads\/2024\/09\/RIGHT_25X20.jpg\" alt=\"\" width=\"22\" height=\"19\" \/>Acompa\u00f1ar y seguir los proyectos que se implementen junto al Programa Escuelas Verdes en las escuelas.<\/p><p><img decoding=\"async\" class=\"alignnone wp-image-1884\" src=\"https:\/\/isr.edu.ar\/isr27\/wp-content\/uploads\/2024\/09\/RIGHT_25X20.jpg\" alt=\"\" width=\"22\" height=\"19\" \/>Participar de espacios de formaci\u00f3n y capacitaci\u00f3n en Educaci\u00f3n Ambiental promovidos por el Programa Escuelas Verdes.<\/p><p><img decoding=\"async\" class=\"alignnone wp-image-1884\" src=\"https:\/\/isr.edu.ar\/isr27\/wp-content\/uploads\/2024\/09\/RIGHT_25X20.jpg\" alt=\"\" width=\"22\" height=\"19\" \/>Canalizar las demandas que se generen en la escuela en torno a la ejecuci\u00f3n de los proyectos y otras actividades dentro de la tem\u00e1tica ambiental.<\/p><p><img decoding=\"async\" class=\"alignnone wp-image-1884\" src=\"https:\/\/isr.edu.ar\/isr27\/wp-content\/uploads\/2024\/09\/RIGHT_25X20.jpg\" alt=\"\" width=\"22\" height=\"19\" \/>Propiciar esta formaci\u00f3n, nos permite dar a nuestros egresados una mirada m\u00e1s consciente y \u00e9tica sobre el cuidado del planeta.<\/p>\t\t\t\t\t\t\t\t<\/div>\n\t\t\t\t<\/div>\n\t\t\t\t<\/div>\n\t\t<div class=\"elementor-element elementor-element-6879bb5c e-con-full e-flex e-con e-child\" data-id=\"6879bb5c\" data-element_type=\"container\">\n\t\t\t\t<div class=\"elementor-element elementor-element-31054bbb elementor-widget elementor-widget-image\" data-id=\"31054bbb\" data-element_type=\"widget\" data-widget_type=\"image.default\">\n\t\t\t\t<div class=\"elementor-widget-container\">\n\t\t\t\t\t\t\t\t\t\t\t\t\t\t\t<img decoding=\"async\" src=\"https:\/\/isr.edu.ar\/isr27\/wp-content\/uploads\/elementor\/thumbs\/EV_I_0-quzcp6qg7p1dwfcf3w3oe4ut0yd0yftsrifpdsl6oa.jpg\" title=\"EV_I_0\" alt=\"EV_I_0\" loading=\"lazy\" \/>\t\t\t\t\t\t\t\t\t\t\t\t\t\t\t<\/div>\n\t\t\t\t<\/div>\n\t\t\t\t<\/div>\n\t\t\t\t<\/div>\n\t\t\t\t\t<\/div>\n\t\t\t\t<\/div>\n\t\t<div class=\"elementor-element elementor-element-6f358fbd e-con-full e-flex e-con e-parent\" data-id=\"6f358fbd\" data-element_type=\"container\">\n\t\t\t\t<div class=\"elementor-element elementor-element-2ae6f73c elementor-invisible elementor-widget elementor-widget-gallery\" data-id=\"2ae6f73c\" data-element_type=\"widget\" data-settings=\"{&quot;gap&quot;:{&quot;unit&quot;:&quot;px&quot;,&quot;size&quot;:0,&quot;sizes&quot;:[]},&quot;aspect_ratio&quot;:&quot;1:1&quot;,&quot;image_hover_animation&quot;:&quot;grow&quot;,&quot;_animation&quot;:&quot;fadeIn&quot;,&quot;lazyload&quot;:&quot;yes&quot;,&quot;gallery_layout&quot;:&quot;grid&quot;,&quot;columns&quot;:4,&quot;columns_tablet&quot;:2,&quot;columns_mobile&quot;:1,&quot;gap_tablet&quot;:{&quot;unit&quot;:&quot;px&quot;,&quot;size&quot;:10,&quot;sizes&quot;:[]},&quot;gap_mobile&quot;:{&quot;unit&quot;:&quot;px&quot;,&quot;size&quot;:10,&quot;sizes&quot;:[]},&quot;link_to&quot;:&quot;file&quot;,&quot;overlay_background&quot;:&quot;yes&quot;,&quot;content_hover_animation&quot;:&quot;fade-in&quot;}\" data-widget_type=\"gallery.default\">\n\t\t\t\t<div class=\"elementor-widget-container\">\n\t\t\t\t\t\t\t<div class=\"elementor-gallery__container\">\n\t\t\t\t\t\t\t<a class=\"e-gallery-item elementor-gallery-item elementor-animated-content\" href=\"https:\/\/isr.edu.ar\/isr27\/wp-content\/uploads\/2024\/10\/EV-I-3.jpg\">\n\t\t\t\t\t<div class=\"e-gallery-image elementor-gallery-item__image\" data-thumbnail=\"https:\/\/isr.edu.ar\/isr27\/wp-content\/uploads\/2024\/10\/EV-I-3.jpg\" data-width=\"600\" data-height=\"600\" aria-label=\"\" role=\"img\" ><\/div>\n\t\t\t\t\t\t\t\t\t\t\t<div class=\"elementor-gallery-item__overlay\"><\/div>\n\t\t\t\t\t\t\t\t\t\t\t\t\t\t<\/a>\n\t\t\t\t\t\t\t<a class=\"e-gallery-item elementor-gallery-item elementor-animated-content\" href=\"https:\/\/isr.edu.ar\/isr27\/wp-content\/uploads\/2024\/11\/EV-I-5.jpg\">\n\t\t\t\t\t<div class=\"e-gallery-image elementor-gallery-item__image\" data-thumbnail=\"https:\/\/isr.edu.ar\/isr27\/wp-content\/uploads\/2024\/11\/EV-I-5.jpg\" data-width=\"600\" data-height=\"600\" aria-label=\"\" role=\"img\" ><\/div>\n\t\t\t\t\t\t\t\t\t\t\t<div class=\"elementor-gallery-item__overlay\"><\/div>\n\t\t\t\t\t\t\t\t\t\t\t\t\t\t<\/a>\n\t\t\t\t\t\t\t<a class=\"e-gallery-item elementor-gallery-item elementor-animated-content\" href=\"https:\/\/isr.edu.ar\/isr27\/wp-content\/uploads\/2024\/10\/EV-P-1.jpg\">\n\t\t\t\t\t<div class=\"e-gallery-image elementor-gallery-item__image\" data-thumbnail=\"https:\/\/isr.edu.ar\/isr27\/wp-content\/uploads\/2024\/10\/EV-P-1.jpg\" data-width=\"600\" data-height=\"600\" aria-label=\"\" role=\"img\" ><\/div>\n\t\t\t\t\t\t\t\t\t\t\t<div class=\"elementor-gallery-item__overlay\"><\/div>\n\t\t\t\t\t\t\t\t\t\t\t\t\t\t<\/a>\n\t\t\t\t\t\t\t<a class=\"e-gallery-item elementor-gallery-item elementor-animated-content\" href=\"https:\/\/isr.edu.ar\/isr27\/wp-content\/uploads\/2024\/10\/EV-P-2.jpg\">\n\t\t\t\t\t<div class=\"e-gallery-image elementor-gallery-item__image\" data-thumbnail=\"https:\/\/isr.edu.ar\/isr27\/wp-content\/uploads\/2024\/10\/EV-P-2.jpg\" data-width=\"600\" data-height=\"600\" aria-label=\"\" role=\"img\" ><\/div>\n\t\t\t\t\t\t\t\t\t\t\t<div class=\"elementor-gallery-item__overlay\"><\/div>\n\t\t\t\t\t\t\t\t\t\t\t\t\t\t<\/a>\n\t\t\t\t\t<\/div>\n\t\t\t\t\t<\/div>\n\t\t\t\t<\/div>\n\t\t\t\t<\/div>\n\t\t\t\t<\/div>\n\t\t","protected":false},"excerpt":{"rendered":"<p>\u00e1reas complementarias Escuelas Verdes En 2014 optamos por un enfoque integral de Educaci\u00f3n para el Desarrollo Sostenible convirti\u00e9ndonos en una de las Escuelas Verdes del G.C.B.A. Esto significa\u00a0 promover procesos de ense\u00f1anza y aprendizaje vinculados con la educaci\u00f3n ambiental, fomentando pr\u00e1cticas sustentables y gestionando ambientalmente sus recursos. Cada Nivel Educativo posee un referente ambiental que [&hellip;]<\/p>\n","protected":false},"author":2,"featured_media":0,"parent":0,"menu_order":0,"comment_status":"closed","ping_status":"closed","template":"","meta":{"footnotes":""},"class_list":["post-52","page","type-page","status-publish","hentry"],"_links":{"self":[{"href":"https:\/\/isr.edu.ar\/isr27\/wp-json\/wp\/v2\/pages\/52","targetHints":{"allow":["GET"]}}],"collection":[{"href":"https:\/\/isr.edu.ar\/isr27\/wp-json\/wp\/v2\/pages"}],"about":[{"href":"https:\/\/isr.edu.ar\/isr27\/wp-json\/wp\/v2\/types\/page"}],"author":[{"embeddable":true,"href":"https:\/\/isr.edu.ar\/isr27\/wp-json\/wp\/v2\/users\/2"}],"replies":[{"embeddable":true,"href":"https:\/\/isr.edu.ar\/isr27\/wp-json\/wp\/v2\/comments?post=52"}],"version-history":[{"count":20,"href":"https:\/\/isr.edu.ar\/isr27\/wp-json\/wp\/v2\/pages\/52\/revisions"}],"predecessor-version":[{"id":5009,"href":"https:\/\/isr.edu.ar\/isr27\/wp-json\/wp\/v2\/pages\/52\/revisions\/5009"}],"wp:attachment":[{"href":"https:\/\/isr.edu.ar\/isr27\/wp-json\/wp\/v2\/media?parent=52"}],"curies":[{"name":"wp","href":"https:\/\/api.w.org\/{rel}","templated":true}]}}